{"id":5043,"date":"2023-05-04T11:25:16","date_gmt":"2023-05-04T09:25:16","guid":{"rendered":"https:\/\/dev.tierschutz.com\/?page_id=5043"},"modified":"2023-06-27T13:48:22","modified_gmt":"2023-06-27T11:48:22","slug":"detention-des-animaux","status":"publish","type":"page","link":"https:\/\/mail.schweizer-tierschutz-sts.ch\/fr\/detention-des-animaux\/","title":{"rendered":"D\u00e9tention des animaux"},"content":{"rendered":"\n<div class=\"wp-block-cover alignfull is-light\"><span aria-hidden=\"true\" class=\"wp-block-cover__background has-background-dim-20 has-background-dim\"><\/span><img loading=\"lazy\" decoding=\"async\" width=\"2560\" height=\"1709\" class=\"wp-block-cover__image-background wp-image-5230\" alt=\"\" src=\"https:\/\/tierschutz.com\/app\/uploads\/2023\/06\/sts-tierhaltung-scaled.jpg\" style=\"object-position:46% 48%\" data-object-fit=\"cover\" data-object-position=\"46% 48%\" srcset=\"https:\/\/mail.schweizer-tierschutz-sts.ch\/app\/uploads\/2023\/06\/sts-tierhaltung-scaled.jpg 2560w, https:\/\/mail.schweizer-tierschutz-sts.ch\/app\/uploads\/2023\/06\/sts-tierhaltung-300x200.jpg 300w, https:\/\/mail.schweizer-tierschutz-sts.ch\/app\/uploads\/2023\/06\/sts-tierhaltung-1024x684.jpg 1024w, https:\/\/mail.schweizer-tierschutz-sts.ch\/app\/uploads\/2023\/06\/sts-tierhaltung-768x513.jpg 768w, https:\/\/mail.schweizer-tierschutz-sts.ch\/app\/uploads\/2023\/06\/sts-tierhaltung-1536x1025.jpg 1536w, https:\/\/mail.schweizer-tierschutz-sts.ch\/app\/uploads\/2023\/06\/sts-tierhaltung-2048x1367.jpg 2048w\" sizes=\"auto, (max-width: 2560px) 100vw, 2560px\" \/><div class=\"wp-block-cover__inner-container is-layout-flow wp-block-cover-is-layout-flow\">\n<h2 class=\"wp-block-heading has-text-align-center has-background-color has-text-color\"><strong><strong>D\u00e9tention des animaux<\/strong><\/strong><\/h2>\n<\/div><\/div>\n\n\n\n<div class=\"wp-block-group has-background-background-color has-background is-layout-constrained wp-block-group-is-layout-constrained\"><div class=\"yoast-breadcrumbs\"><span><span><a href=\"https:\/\/mail.swiss-animal-protection.ch\/fr\/\">Page d\u2019accueil<\/a><\/span> \u00bb <span class=\"breadcrumb_last\" aria-current=\"page\">D\u00e9tention des animaux<\/span><\/span><\/div>\n\n\n<div class=\"wp-block-columns is-layout-flex wp-container-core-columns-is-layout-28f84493 wp-block-columns-is-layout-flex\">\n<div class=\"wp-block-column is-layout-flow wp-block-column-is-layout-flow\">\n<div class=\"wp-block-media-text alignwide is-stacked-on-mobile is-style-stacked-shadow no-inset\"><figure class=\"wp-block-media-text__media\"><img loading=\"lazy\" decoding=\"async\" width=\"1024\" height=\"658\" src=\"https:\/\/tierschutz.com\/app\/uploads\/2023\/05\/STS-Hundehaltung-1-1024x658.jpg\" alt=\"Ein weisser Welpe der nach oben Blickt vor einem verschwommenen gr\u00fcnen Hintergrund\" class=\"wp-image-1982 size-full\" srcset=\"https:\/\/mail.schweizer-tierschutz-sts.ch\/app\/uploads\/2023\/05\/STS-Hundehaltung-1-1024x658.jpg 1024w, https:\/\/mail.schweizer-tierschutz-sts.ch\/app\/uploads\/2023\/05\/STS-Hundehaltung-1-300x193.jpg 300w, https:\/\/mail.schweizer-tierschutz-sts.ch\/app\/uploads\/2023\/05\/STS-Hundehaltung-1-768x494.jpg 768w, https:\/\/mail.schweizer-tierschutz-sts.ch\/app\/uploads\/2023\/05\/STS-Hundehaltung-1.jpg 1416w\" sizes=\"auto, (max-width: 1024px) 100vw, 1024px\" \/><\/figure><div class=\"wp-block-media-text__content\">\n<h3 class=\"wp-block-heading\"><strong><strong>D\u00e9tention d\u2019animaux de compagnie<\/strong><\/strong><\/h3>\n\n\n\n<p>Un animal peut \u00eatre un colocataire id\u00e9al. Mais pour que l&#8217;ami animal se sente bien dans son nouveau foyer, il faut bien conna\u00eetre ses exigences et ses besoins.<\/p>\n\n\n\n<div class=\"wp-block-buttons is-layout-flex wp-block-buttons-is-layout-flex\">\n<div class=\"wp-block-button\"><a class=\"wp-block-button__link wp-element-button\" href=\"https:\/\/tierschutz.com\/fr\/detention-des-animaux\/detention-danimaux-de-compagni\/\">En savoir plus<\/a><\/div>\n<\/div>\n<\/div><\/div>\n<\/div>\n\n\n\n<div class=\"wp-block-column is-layout-flow wp-block-column-is-layout-flow\">\n<div class=\"wp-block-media-text alignwide is-stacked-on-mobile is-style-stacked-shadow no-inset\"><figure class=\"wp-block-media-text__media\"><img loading=\"lazy\" decoding=\"async\" width=\"1024\" height=\"682\" src=\"https:\/\/tierschutz.com\/app\/uploads\/2023\/06\/sts-nutztierhaltung-1024x682.jpg\" alt=\"\" class=\"wp-image-5219 size-full\" srcset=\"https:\/\/mail.schweizer-tierschutz-sts.ch\/app\/uploads\/2023\/06\/sts-nutztierhaltung-1024x682.jpg 1024w, https:\/\/mail.schweizer-tierschutz-sts.ch\/app\/uploads\/2023\/06\/sts-nutztierhaltung-300x200.jpg 300w, https:\/\/mail.schweizer-tierschutz-sts.ch\/app\/uploads\/2023\/06\/sts-nutztierhaltung-768x512.jpg 768w, https:\/\/mail.schweizer-tierschutz-sts.ch\/app\/uploads\/2023\/06\/sts-nutztierhaltung-1536x1024.jpg 1536w, https:\/\/mail.schweizer-tierschutz-sts.ch\/app\/uploads\/2023\/06\/sts-nutztierhaltung-2048x1365.jpg 2048w\" sizes=\"auto, (max-width: 1024px) 100vw, 1024px\" \/><\/figure><div class=\"wp-block-media-text__content\">\n<h3 class=\"wp-block-heading\"><strong><strong><strong>D\u00e9tention d\u2019animaux de rente<\/strong><\/strong><\/strong><\/h3>\n\n\n\n<p>Comment \u00e9lever correctement le b\u0153uf, le porc et la volaille ? Quelles sont les exigences sp\u00e9cifiques de chaque esp\u00e8ce animale ? Vous en saurez plus ici.<\/p>\n\n\n\n<div class=\"wp-block-buttons is-layout-flex wp-block-buttons-is-layout-flex\">\n<div class=\"wp-block-button\"><a class=\"wp-block-button__link wp-element-button\" href=\"https:\/\/tierschutz.com\/fr\/detention-des-animaux\/animaux-de-rente\/\">En savoir plus<\/a><\/div>\n<\/div>\n<\/div><\/div>\n<\/div>\n<\/div>\n\n\n\n<div class=\"wp-block-columns is-layout-flex wp-container-core-columns-is-layout-28f84493 wp-block-columns-is-layout-flex\">\n<div class=\"wp-block-column is-layout-flow wp-block-column-is-layout-flow\">\n<div class=\"wp-block-media-text alignwide is-stacked-on-mobile is-style-stacked-shadow no-inset\"><figure class=\"wp-block-media-text__media\"><img loading=\"lazy\" decoding=\"async\" width=\"1024\" height=\"658\" src=\"https:\/\/tierschutz.com\/app\/uploads\/2023\/05\/STS-Tierschutzkontrolle-1024x658.jpg\" alt=\"Mehrere braun-weisse K\u00fche aneinander gereiht die durch eine Metallkette zusammen befestigt wurden und alle in unsere Richtung blicken\" class=\"wp-image-1928 size-full\" srcset=\"https:\/\/mail.schweizer-tierschutz-sts.ch\/app\/uploads\/2023\/05\/STS-Tierschutzkontrolle-1024x658.jpg 1024w, https:\/\/mail.schweizer-tierschutz-sts.ch\/app\/uploads\/2023\/05\/STS-Tierschutzkontrolle-300x193.jpg 300w, https:\/\/mail.schweizer-tierschutz-sts.ch\/app\/uploads\/2023\/05\/STS-Tierschutzkontrolle-768x494.jpg 768w, https:\/\/mail.schweizer-tierschutz-sts.ch\/app\/uploads\/2023\/05\/STS-Tierschutzkontrolle.jpg 1416w\" sizes=\"auto, (max-width: 1024px) 100vw, 1024px\" \/><\/figure><div class=\"wp-block-media-text__content\">\n<h3 class=\"wp-block-heading\"><strong><strong><strong>Contr\u00f4les de protection des animaux<\/strong><\/strong><\/strong><\/h3>\n\n\n\n<p>Le service de contr\u00f4le de la protection des animaux de la Protection Suisse des Animaux PSA traite les annonces concernant les \u00e9levages contraires \u00e0 la protection des animaux et les mauvais traitements envers les animaux, en compl\u00e9ment de l&#8217;activit\u00e9 d&#8217;inspection de ses sections.<\/p>\n\n\n\n<div class=\"wp-block-buttons is-layout-flex wp-block-buttons-is-layout-flex\">\n<div class=\"wp-block-button\"><a class=\"wp-block-button__link wp-element-button\" href=\"https:\/\/tierschutz.com\/fr\/detention-des-animaux\/controles-de-protection-des-animaux\/service-specialise\/\">En savoir plus<\/a><\/div>\n<\/div>\n<\/div><\/div>\n<\/div>\n\n\n\n<div class=\"wp-block-column is-layout-flow wp-block-column-is-layout-flow\"><\/div>\n<\/div>\n<\/div>\n","protected":false},"excerpt":{"rendered":"<p>D\u00e9tention d\u2019animaux de compagnie Un animal peut \u00eatre un colocataire id\u00e9al. Mais pour que l&#8217;ami animal se sente bien dans [&hellip;]<\/p>\n","protected":false},"author":5,"featured_media":0,"parent":0,"menu_order":68,"comment_status":"closed","ping_status":"closed","template":"","meta":{"_acf_changed":false,"inline_featured_image":false,"_vp_format_video_url":"","_vp_image_focal_point":[],"footnotes":""},"class_list":["post-5043","page","type-page","status-publish","hentry"],"acf":[],"yoast_head":"<!-- This site is optimized with the Yoast SEO Premium plugin v27.4 (Yoast SEO v27.4) - https:\/\/yoast.com\/product\/yoast-seo-premium-wordpress\/ -->\n<title>D\u00e9tention des animaux - Protection Suisse des Animaux PSA<\/title>\n<meta name=\"robots\" content=\"index, follow, max-snippet:-1, max-image-preview:large, max-video-preview:-1\" \/>\n<link rel=\"canonical\" href=\"https:\/\/mail.schweizer-tierschutz-sts.ch\/fr\/detention-des-animaux\/\" \/>\n<meta property=\"og:locale\" content=\"fr_FR\" \/>\n<meta property=\"og:type\" content=\"article\" \/>\n<meta property=\"og:title\" content=\"D\u00e9tention des animaux\" \/>\n<meta property=\"og:description\" content=\"D\u00e9tention d\u2019animaux de compagnie Un animal peut \u00eatre un colocataire id\u00e9al. Mais pour que l&#8217;ami animal se sente bien dans [&hellip;]\" \/>\n<meta property=\"og:url\" content=\"https:\/\/mail.schweizer-tierschutz-sts.ch\/fr\/detention-des-animaux\/\" \/>\n<meta property=\"og:site_name\" content=\"Protection Suisse des Animaux PSA\" \/>\n<meta property=\"article:publisher\" content=\"https:\/\/www.facebook.com\/schweizertierschutz\/\" \/>\n<meta property=\"article:modified_time\" content=\"2023-06-27T11:48:22+00:00\" \/>\n<meta property=\"og:image\" content=\"https:\/\/tierschutz.com\/app\/uploads\/2023\/06\/sts-tierhaltung-scaled.jpg\" \/>\n<meta name=\"twitter:card\" content=\"summary_large_image\" \/>\n<meta name=\"twitter:label1\" content=\"Dur\u00e9e de lecture estim\u00e9e\" \/>\n\t<meta name=\"twitter:data1\" content=\"1 minute\" \/>\n<script type=\"application\/ld+json\" class=\"yoast-schema-graph\">{\"@context\":\"https:\\\/\\\/schema.org\",\"@graph\":[{\"@type\":\"WebPage\",\"@id\":\"https:\\\/\\\/mail.schweizer-tierschutz-sts.ch\\\/fr\\\/detention-des-animaux\\\/\",\"url\":\"https:\\\/\\\/mail.schweizer-tierschutz-sts.ch\\\/fr\\\/detention-des-animaux\\\/\",\"name\":\"D\u00e9tention des animaux - Protection Suisse des Animaux PSA\",\"isPartOf\":{\"@id\":\"https:\\\/\\\/tierschutz.com\\\/it\\\/#website\"},\"primaryImageOfPage\":{\"@id\":\"https:\\\/\\\/mail.schweizer-tierschutz-sts.ch\\\/fr\\\/detention-des-animaux\\\/#primaryimage\"},\"image\":{\"@id\":\"https:\\\/\\\/mail.schweizer-tierschutz-sts.ch\\\/fr\\\/detention-des-animaux\\\/#primaryimage\"},\"thumbnailUrl\":\"https:\\\/\\\/tierschutz.com\\\/app\\\/uploads\\\/2023\\\/06\\\/sts-tierhaltung-scaled.jpg\",\"datePublished\":\"2023-05-04T09:25:16+00:00\",\"dateModified\":\"2023-06-27T11:48:22+00:00\",\"breadcrumb\":{\"@id\":\"https:\\\/\\\/mail.schweizer-tierschutz-sts.ch\\\/fr\\\/detention-des-animaux\\\/#breadcrumb\"},\"inLanguage\":\"fr-FR\",\"potentialAction\":[{\"@type\":\"ReadAction\",\"target\":[\"https:\\\/\\\/mail.schweizer-tierschutz-sts.ch\\\/fr\\\/detention-des-animaux\\\/\"]}]},{\"@type\":\"ImageObject\",\"inLanguage\":\"fr-FR\",\"@id\":\"https:\\\/\\\/mail.schweizer-tierschutz-sts.ch\\\/fr\\\/detention-des-animaux\\\/#primaryimage\",\"url\":\"https:\\\/\\\/tierschutz.com\\\/app\\\/uploads\\\/2023\\\/06\\\/sts-tierhaltung-scaled.jpg\",\"contentUrl\":\"https:\\\/\\\/tierschutz.com\\\/app\\\/uploads\\\/2023\\\/06\\\/sts-tierhaltung-scaled.jpg\"},{\"@type\":\"BreadcrumbList\",\"@id\":\"https:\\\/\\\/mail.schweizer-tierschutz-sts.ch\\\/fr\\\/detention-des-animaux\\\/#breadcrumb\",\"itemListElement\":[{\"@type\":\"ListItem\",\"position\":1,\"name\":\"Page d\u2019accueil\",\"item\":\"https:\\\/\\\/mail.swiss-animal-protection.ch\\\/fr\\\/\"},{\"@type\":\"ListItem\",\"position\":2,\"name\":\"D\u00e9tention des animaux\"}]},{\"@type\":\"WebSite\",\"@id\":\"https:\\\/\\\/tierschutz.com\\\/it\\\/#website\",\"url\":\"https:\\\/\\\/tierschutz.com\\\/it\\\/\",\"name\":\"tierschutz.com\",\"description\":\"Wir setzen uns f\u00fcr das Wohl der Tiere ein.\",\"publisher\":{\"@id\":\"https:\\\/\\\/tierschutz.com\\\/it\\\/#organization\"},\"alternateName\":\"Schweizer Tierschutz STS\",\"potentialAction\":[{\"@type\":\"SearchAction\",\"target\":{\"@type\":\"EntryPoint\",\"urlTemplate\":\"https:\\\/\\\/tierschutz.com\\\/it\\\/?s={search_term_string}\"},\"query-input\":{\"@type\":\"PropertyValueSpecification\",\"valueRequired\":true,\"valueName\":\"search_term_string\"}}],\"inLanguage\":\"fr-FR\"},{\"@type\":\"Organization\",\"@id\":\"https:\\\/\\\/tierschutz.com\\\/it\\\/#organization\",\"name\":\"Schweizer Tierschutz STS\",\"alternateName\":\"STS\",\"url\":\"https:\\\/\\\/tierschutz.com\\\/it\\\/\",\"logo\":{\"@type\":\"ImageObject\",\"inLanguage\":\"fr-FR\",\"@id\":\"https:\\\/\\\/tierschutz.com\\\/it\\\/#\\\/schema\\\/logo\\\/image\\\/\",\"url\":\"https:\\\/\\\/mail.schweizer-tierschutz-sts.ch\\\/app\\\/uploads\\\/2024\\\/04\\\/logo-schweizer-tierschutz-sts-1.svg\",\"contentUrl\":\"https:\\\/\\\/mail.schweizer-tierschutz-sts.ch\\\/app\\\/uploads\\\/2024\\\/04\\\/logo-schweizer-tierschutz-sts-1.svg\",\"caption\":\"Schweizer Tierschutz STS\"},\"image\":{\"@id\":\"https:\\\/\\\/tierschutz.com\\\/it\\\/#\\\/schema\\\/logo\\\/image\\\/\"},\"sameAs\":[\"https:\\\/\\\/www.facebook.com\\\/schweizertierschutz\\\/\",\"https:\\\/\\\/www.instagram.com\\\/schweizertierschutzsts\\\/\",\"https:\\\/\\\/www.youtube.com\\\/@STS_Tierschutz\",\"https:\\\/\\\/www.linkedin.com\\\/company\\\/schweizertierschutzsts\\\/\"],\"description\":\"Der Schweizer Tierschutz STS ist der Dachverband von 71 Tierschutzorganisationen in allen Sprachregionen der Schweiz und in Liechtenstein. Seine Mitarbeitenden leisten wissenschaftlich fundierte Grundlagenarbeit, setzen sich mit Projekten und Aktionen f\u00fcr den Schutz und das Wohlbefinden von Heim-, Wild-, Nutz- und Versuchstieren ein und sensibilisieren die \u00d6ffentlichkeit f\u00fcr Tierschutzthemen.\",\"email\":\"sts@tierschutz.com\",\"telephone\":\"061 365 99 99\",\"legalName\":\"Schweizer Tierschutz STS\"}]}<\/script>\n<!-- \/ Yoast SEO Premium plugin. -->","yoast_head_json":{"title":"D\u00e9tention des animaux - Protection Suisse des Animaux PSA","robots":{"index":"index","follow":"follow","max-snippet":"max-snippet:-1","max-image-preview":"max-image-preview:large","max-video-preview":"max-video-preview:-1"},"canonical":"https:\/\/mail.schweizer-tierschutz-sts.ch\/fr\/detention-des-animaux\/","og_locale":"fr_FR","og_type":"article","og_title":"D\u00e9tention des animaux","og_description":"D\u00e9tention d\u2019animaux de compagnie Un animal peut \u00eatre un colocataire id\u00e9al. Mais pour que l&#8217;ami animal se sente bien dans [&hellip;]","og_url":"https:\/\/mail.schweizer-tierschutz-sts.ch\/fr\/detention-des-animaux\/","og_site_name":"Protection Suisse des Animaux PSA","article_publisher":"https:\/\/www.facebook.com\/schweizertierschutz\/","article_modified_time":"2023-06-27T11:48:22+00:00","og_image":[{"url":"https:\/\/tierschutz.com\/app\/uploads\/2023\/06\/sts-tierhaltung-scaled.jpg","type":"","width":"","height":""}],"twitter_card":"summary_large_image","twitter_misc":{"Dur\u00e9e de lecture estim\u00e9e":"1 minute"},"schema":{"@context":"https:\/\/schema.org","@graph":[{"@type":"WebPage","@id":"https:\/\/mail.schweizer-tierschutz-sts.ch\/fr\/detention-des-animaux\/","url":"https:\/\/mail.schweizer-tierschutz-sts.ch\/fr\/detention-des-animaux\/","name":"D\u00e9tention des animaux - Protection Suisse des Animaux PSA","isPartOf":{"@id":"https:\/\/tierschutz.com\/it\/#website"},"primaryImageOfPage":{"@id":"https:\/\/mail.schweizer-tierschutz-sts.ch\/fr\/detention-des-animaux\/#primaryimage"},"image":{"@id":"https:\/\/mail.schweizer-tierschutz-sts.ch\/fr\/detention-des-animaux\/#primaryimage"},"thumbnailUrl":"https:\/\/tierschutz.com\/app\/uploads\/2023\/06\/sts-tierhaltung-scaled.jpg","datePublished":"2023-05-04T09:25:16+00:00","dateModified":"2023-06-27T11:48:22+00:00","breadcrumb":{"@id":"https:\/\/mail.schweizer-tierschutz-sts.ch\/fr\/detention-des-animaux\/#breadcrumb"},"inLanguage":"fr-FR","potentialAction":[{"@type":"ReadAction","target":["https:\/\/mail.schweizer-tierschutz-sts.ch\/fr\/detention-des-animaux\/"]}]},{"@type":"ImageObject","inLanguage":"fr-FR","@id":"https:\/\/mail.schweizer-tierschutz-sts.ch\/fr\/detention-des-animaux\/#primaryimage","url":"https:\/\/tierschutz.com\/app\/uploads\/2023\/06\/sts-tierhaltung-scaled.jpg","contentUrl":"https:\/\/tierschutz.com\/app\/uploads\/2023\/06\/sts-tierhaltung-scaled.jpg"},{"@type":"BreadcrumbList","@id":"https:\/\/mail.schweizer-tierschutz-sts.ch\/fr\/detention-des-animaux\/#breadcrumb","itemListElement":[{"@type":"ListItem","position":1,"name":"Page d\u2019accueil","item":"https:\/\/mail.swiss-animal-protection.ch\/fr\/"},{"@type":"ListItem","position":2,"name":"D\u00e9tention des animaux"}]},{"@type":"WebSite","@id":"https:\/\/tierschutz.com\/it\/#website","url":"https:\/\/tierschutz.com\/it\/","name":"tierschutz.com","description":"Wir setzen uns f\u00fcr das Wohl der Tiere ein.","publisher":{"@id":"https:\/\/tierschutz.com\/it\/#organization"},"alternateName":"Schweizer Tierschutz STS","potentialAction":[{"@type":"SearchAction","target":{"@type":"EntryPoint","urlTemplate":"https:\/\/tierschutz.com\/it\/?s={search_term_string}"},"query-input":{"@type":"PropertyValueSpecification","valueRequired":true,"valueName":"search_term_string"}}],"inLanguage":"fr-FR"},{"@type":"Organization","@id":"https:\/\/tierschutz.com\/it\/#organization","name":"Schweizer Tierschutz STS","alternateName":"STS","url":"https:\/\/tierschutz.com\/it\/","logo":{"@type":"ImageObject","inLanguage":"fr-FR","@id":"https:\/\/tierschutz.com\/it\/#\/schema\/logo\/image\/","url":"https:\/\/mail.schweizer-tierschutz-sts.ch\/app\/uploads\/2024\/04\/logo-schweizer-tierschutz-sts-1.svg","contentUrl":"https:\/\/mail.schweizer-tierschutz-sts.ch\/app\/uploads\/2024\/04\/logo-schweizer-tierschutz-sts-1.svg","caption":"Schweizer Tierschutz STS"},"image":{"@id":"https:\/\/tierschutz.com\/it\/#\/schema\/logo\/image\/"},"sameAs":["https:\/\/www.facebook.com\/schweizertierschutz\/","https:\/\/www.instagram.com\/schweizertierschutzsts\/","https:\/\/www.youtube.com\/@STS_Tierschutz","https:\/\/www.linkedin.com\/company\/schweizertierschutzsts\/"],"description":"Der Schweizer Tierschutz STS ist der Dachverband von 71 Tierschutzorganisationen in allen Sprachregionen der Schweiz und in Liechtenstein. Seine Mitarbeitenden leisten wissenschaftlich fundierte Grundlagenarbeit, setzen sich mit Projekten und Aktionen f\u00fcr den Schutz und das Wohlbefinden von Heim-, Wild-, Nutz- und Versuchstieren ein und sensibilisieren die \u00d6ffentlichkeit f\u00fcr Tierschutzthemen.","email":"sts@tierschutz.com","telephone":"061 365 99 99","legalName":"Schweizer Tierschutz STS"}]}},"_links":{"self":[{"href":"https:\/\/mail.schweizer-tierschutz-sts.ch\/fr\/wp-json\/wp\/v2\/pages\/5043","targetHints":{"allow":["GET"]}}],"collection":[{"href":"https:\/\/mail.schweizer-tierschutz-sts.ch\/fr\/wp-json\/wp\/v2\/pages"}],"about":[{"href":"https:\/\/mail.schweizer-tierschutz-sts.ch\/fr\/wp-json\/wp\/v2\/types\/page"}],"author":[{"embeddable":true,"href":"https:\/\/mail.schweizer-tierschutz-sts.ch\/fr\/wp-json\/wp\/v2\/users\/5"}],"replies":[{"embeddable":true,"href":"https:\/\/mail.schweizer-tierschutz-sts.ch\/fr\/wp-json\/wp\/v2\/comments?post=5043"}],"version-history":[{"count":7,"href":"https:\/\/mail.schweizer-tierschutz-sts.ch\/fr\/wp-json\/wp\/v2\/pages\/5043\/revisions"}],"predecessor-version":[{"id":6697,"href":"https:\/\/mail.schweizer-tierschutz-sts.ch\/fr\/wp-json\/wp\/v2\/pages\/5043\/revisions\/6697"}],"wp:attachment":[{"href":"https:\/\/mail.schweizer-tierschutz-sts.ch\/fr\/wp-json\/wp\/v2\/media?parent=5043"}],"curies":[{"name":"wp","href":"https:\/\/api.w.org\/{rel}","templated":true}]}}